{"id":13932,"date":"2023-12-01T12:01:15","date_gmt":"2023-12-01T11:01:15","guid":{"rendered":"http:\/\/www.gocaravancanarias.com\/regeln-und-bedingungen\/"},"modified":"2024-07-08T13:06:57","modified_gmt":"2024-07-08T11:06:57","slug":"regeln-und-bedingungen","status":"publish","type":"page","link":"https:\/\/www.gocaravancanarias.com\/de\/regeln-und-bedingungen\/","title":{"rendered":"Regeln und Bedingungen"},"content":{"rendered":"<p>[et_pb_section fb_built=&#8220;1&#8243; _builder_version=&#8220;4.23.1&#8243; _module_preset=&#8220;default&#8220; custom_padding=&#8220;||||false|false&#8220; hover_enabled=&#8220;0&#8243; global_colors_info=&#8220;{}&#8220; sticky_enabled=&#8220;0&#8243;][et_pb_row _builder_version=&#8220;4.23.1&#8243; _module_preset=&#8220;default&#8220; max_width=&#8220;1200px&#8220; global_colors_info=&#8220;{}&#8220;][et_pb_column type=&#8220;4_4&#8243; _builder_version=&#8220;4.23.1&#8243; _module_preset=&#8220;default&#8220; global_colors_info=&#8220;{}&#8220;][et_pb_text _builder_version=&#8220;4.23.1&#8243; _module_preset=&#8220;default&#8220; header_font=&#8220;Oswald||||||||&#8220; header_font_size=&#8220;65px&#8220; global_colors_info=&#8220;{}&#8220;]<\/p>\n<h1>Regeln und Bedingungen<\/h1>\n<p>[\/et_pb_text][\/et_pb_column][\/et_pb_row][et_pb_row _builder_version=&#8220;4.23.1&#8243; _module_preset=&#8220;default&#8220; max_width=&#8220;1200px&#8220; global_colors_info=&#8220;{}&#8220;][et_pb_column type=&#8220;4_4&#8243; _builder_version=&#8220;4.23.1&#8243; _module_preset=&#8220;default&#8220; global_colors_info=&#8220;{}&#8220;][et_pb_text _builder_version=&#8220;4.23.1&#8243; _module_preset=&#8220;default&#8220; header_2_font=&#8220;Oswald||||||||&#8220; header_2_font_size=&#8220;35px&#8220; custom_margin=&#8220;||20px||false|false&#8220; global_colors_info=&#8220;{}&#8220;]<\/p>\n<h2>1.Treiber:<\/h2>\n<p>[\/et_pb_text][et_pb_text _builder_version=&#8220;4.23.1&#8243; _module_preset=&#8220;default&#8220; text_font=&#8220;Roboto Condensed||||||||&#8220; text_font_size=&#8220;16px&#8220; text_orientation=&#8220;justified&#8220; global_colors_info=&#8220;{}&#8220;]<\/p>\n<p>Der Mieter und der\/die Zusatzfahrer m\u00fcssen \u00fcber 25 Jahre alt sein und seit mindestens zwei Jahren im Besitz eines g\u00fcltigen F\u00fchrerscheins der Klasse B sein. Das Wohnmobil darf nur vom Mieter selbst entfernt werden. Die Ausweispapiere des Mieters und eventueller Fahrer m\u00fcssen bei Mietbeginn vorgelegt werden.<\/p>\n<p>[\/et_pb_text][\/et_pb_column][\/et_pb_row][et_pb_row _builder_version=&#8220;4.23.1&#8243; _module_preset=&#8220;default&#8220; max_width=&#8220;1200px&#8220; global_colors_info=&#8220;{}&#8220;][et_pb_column type=&#8220;4_4&#8243; _builder_version=&#8220;4.23.1&#8243; _module_preset=&#8220;default&#8220; global_colors_info=&#8220;{}&#8220;][et_pb_text _builder_version=&#8220;4.23.1&#8243; _module_preset=&#8220;default&#8220; header_2_font=&#8220;Oswald||||||||&#8220; header_2_font_size=&#8220;35px&#8220; custom_margin=&#8220;||20px||false|false&#8220; global_colors_info=&#8220;{}&#8220;]<\/p>\n<h2>2. der Mietvertrag:<\/h2>\n<p>[\/et_pb_text][et_pb_text _builder_version=&#8220;4.23.1&#8243; _module_preset=&#8220;default&#8220; text_font=&#8220;Roboto Condensed||||||||&#8220; text_font_size=&#8220;16px&#8220; text_orientation=&#8220;justified&#8220; global_colors_info=&#8220;{}&#8220;]<\/p>\n<p>Er gilt von <strong>9 Uhr am Abreisetag<\/strong> bis zur R\u00fcckkehr am <strong>Anreisetag, je nach Saison*<\/strong>. Bei versp\u00e4teter R\u00fcckgabe kann ein zus\u00e4tzlicher Tag in Rechnung gestellt werden, unbeschadet der Flexibilit\u00e4t des Unternehmens bei Lieferungen und Abholungen im Falle der Verf\u00fcgbarkeit. Nicht genehmigte oder auf h\u00f6here Gewalt zur\u00fcckzuf\u00fchrende t\u00e4gliche Lieferverz\u00f6gerungen werden mit einem Tagessatz in dreifacher H\u00f6he des im Vertrag vorgesehenen Betrags bestraft.<\/p>\n<p><strong>Abhol- und Lieferzeiten:<\/strong><\/p>\n<p>Die Abholzeit f\u00fcr das Wohnmobil ist von <strong>9:00 bis 18:00 Uhr am<\/strong> Tag des Buchungsbeginns.<\/p>\n<p>Die R\u00fcckgabezeit ist bis <strong>18:00<\/strong> Uhr am Tag des Buchungsendes.<\/p>\n<p>\u2013 <strong>Es besteht<\/strong> die M\u00f6glichkeit, <strong>zus\u00e4tzliche Termine f\u00fcr die An- und Abreise zu vereinbaren<\/strong> (je nach Verf\u00fcgbarkeit in der Buchungsanfrage zu vereinbaren, der Betrag wird dem Mietpreis hinzugef\u00fcgt).<\/p>\n<p>[\/et_pb_text][\/et_pb_column][\/et_pb_row][et_pb_row _builder_version=&#8220;4.23.1&#8243; _module_preset=&#8220;default&#8220; max_width=&#8220;1200px&#8220; global_colors_info=&#8220;{}&#8220;][et_pb_column type=&#8220;4_4&#8243; _builder_version=&#8220;4.23.1&#8243; _module_preset=&#8220;default&#8220; global_colors_info=&#8220;{}&#8220;][et_pb_text _builder_version=&#8220;4.23.1&#8243; _module_preset=&#8220;default&#8220; header_2_font=&#8220;Oswald||||||||&#8220; header_2_font_size=&#8220;35px&#8220; custom_margin=&#8220;||20px||false|false&#8220; global_colors_info=&#8220;{}&#8220;]<\/p>\n<h2>3. die Zahlungen und die Kaution:<\/h2>\n<p>[\/et_pb_text][et_pb_text _builder_version=&#8220;4.23.1&#8243; _module_preset=&#8220;default&#8220; text_font=&#8220;Roboto Condensed||||||||&#8220; text_font_size=&#8220;16px&#8220; text_orientation=&#8220;justified&#8220; global_colors_info=&#8220;{}&#8220;]<\/p>\n<p>50 % des Mietbetrags sind bei Unterzeichnung des Reservierungsvertrags zu zahlen, die anderen 50 % innerhalb von 15 Tagen vor dem Tag der Abholung des Fahrzeugs. Die Kaution in H\u00f6he von 600 \u20ac (nur mit VISA\/MasterCard) wird am Tag der \u00dcbergabe des Wohnmobils hinterlegt und wird zur\u00fcckerstattet, wenn festgestellt wurde, dass alles in einwandfreiem Zustand ist. Der Vermieter verf\u00fcgt \u00fcber eine Frist von 5 Tagen f\u00fcr die ordnungsgem\u00e4\u00dfe \u00dcberpr\u00fcfung ab der R\u00fcckgabe des Wohnmobils durch den Mieter. Wenn es nicht m\u00f6glich ist, den Schaden sofort zu beurteilen, hat der Vermieter 30 Tage Zeit, um ihn gegebenenfalls zur\u00fcckzugeben. Wird ein Bruch oder eine Besch\u00e4digung aufgrund von Missbrauch festgestellt, bestimmt der Vermieter den Betrag, der von der Kaution abgezogen wird.<\/p>\n<p>[\/et_pb_text][\/et_pb_column][\/et_pb_row][et_pb_row _builder_version=&#8220;4.23.1&#8243; _module_preset=&#8220;default&#8220; max_width=&#8220;1200px&#8220; global_colors_info=&#8220;{}&#8220;][et_pb_column type=&#8220;4_4&#8243; _builder_version=&#8220;4.23.1&#8243; _module_preset=&#8220;default&#8220; global_colors_info=&#8220;{}&#8220;][et_pb_text _builder_version=&#8220;4.23.1&#8243; _module_preset=&#8220;default&#8220; header_2_font=&#8220;Oswald||||||||&#8220; header_2_font_size=&#8220;35px&#8220; custom_margin=&#8220;||20px||false|false&#8220; global_colors_info=&#8220;{}&#8220;]<\/p>\n<h2>4.Stornierung:<\/h2>\n<p>[\/et_pb_text][et_pb_text _builder_version=&#8220;4.23.1&#8243; _module_preset=&#8220;default&#8220; text_font=&#8220;Roboto Condensed||||||||&#8220; text_font_size=&#8220;16px&#8220; text_orientation=&#8220;justified&#8220; global_colors_info=&#8220;{}&#8220;]<\/p>\n<p>Im Falle einer Stornierung der Reservierung durch den Mieter werden die folgenden Vertragsstrafen erhoben:<\/p>\n<p>* Innerhalb von 30 Tagen nach Beginn des Mietzeitraums werden 50 % der Anzahlung zur\u00fcckerstattet.<\/p>\n<p>* Innerhalb von 15 Tagen nach Mietbeginn m\u00fcssen 50% des Gesamtmietpreises bezahlt werden.<\/p>\n<p>* Weniger als 15 Tage vor Beginn des Mietzeitraums zahlen Sie 100 % des Gesamtmietpreises.<\/p>\n<p>[\/et_pb_text][\/et_pb_column][\/et_pb_row][et_pb_row _builder_version=&#8220;4.23.1&#8243; _module_preset=&#8220;default&#8220; max_width=&#8220;1200px&#8220; global_colors_info=&#8220;{}&#8220;][et_pb_column type=&#8220;4_4&#8243; _builder_version=&#8220;4.23.1&#8243; _module_preset=&#8220;default&#8220; global_colors_info=&#8220;{}&#8220;][et_pb_text _builder_version=&#8220;4.23.1&#8243; _module_preset=&#8220;default&#8220; header_2_font=&#8220;Oswald||||||||&#8220; header_2_font_size=&#8220;35px&#8220; custom_margin=&#8220;||20px||false|false&#8220; global_colors_info=&#8220;{}&#8220;]<\/p>\n<h2>5.Sicher:<\/h2>\n<p>[\/et_pb_text][et_pb_text _builder_version=&#8220;4.23.1&#8243; _module_preset=&#8220;default&#8220; text_font=&#8220;Roboto Condensed||||||||&#8220; text_font_size=&#8220;16px&#8220; text_orientation=&#8220;justified&#8220; global_colors_info=&#8220;{}&#8220;]<\/p>\n<p>Vollkaskoversicherung mit einer Selbstbeteiligung von 900 \u20ac pro Schadensfall. Bei Unstimmigkeiten akzeptieren beide Parteien das Gutachten des Schadenregulierers der Versicherungsgesellschaft. Der Mieter akzeptiert die zus\u00e4tzliche Belastung durch die Selbstbeteiligung im Schadensfall oder die Selbstbeteiligung im Falle mehrerer Schadensf\u00e4lle. Wenn der Unfall von einem Dritten verursacht wurde, wird die Selbstbeteiligung erstattet, wenn die gegnerische Gesellschaft die Schuld anerkennt und beide Parteien den Unfallbericht ausf\u00fcllen und unterschreiben. Jeder eingetretene Schaden muss dem Vermieter innerhalb von 24 Stunden gemeldet werden, andernfalls unterliegt der Mieter der Entscheidung der Versicherungsgesellschaft und haftet f\u00fcr die Sch\u00e4den, die dem Vermieter durch die Reparatur oder den Verbleib des Fahrzeugs entstehen k\u00f6nnen. F\u00fcr alle zivilrechtlichen Verpflichtungen, die sich aus Ereignissen oder Umst\u00e4nden ergeben, die nicht in der Police enthalten sind, haftet ausschlie\u00dflich der Mieter. Die Versicherung deckt keinen Missbrauch oder Vandalismus. Soweit gesetzlich zul\u00e4ssig, haftet der Vermieter nicht f\u00fcr Sch\u00e4den oder Verluste, die dem Mieter oder Dritten durch die Nutzung und den Betrieb des Fahrzeugs entstehen, sowie f\u00fcr den Verlust oder Diebstahl von im Fahrzeug zur\u00fcckgelassenen Gegenst\u00e4nden. Der Mieter ist verantwortlich f\u00fcr die Bezahlung im Falle von Bruch, Feuer oder Diebstahl von Zubeh\u00f6r oder Extras.<\/p>\n<p>[\/et_pb_text][\/et_pb_column][\/et_pb_row][et_pb_row _builder_version=&#8220;4.23.1&#8243; _module_preset=&#8220;default&#8220; max_width=&#8220;1200px&#8220; global_colors_info=&#8220;{}&#8220;][et_pb_column type=&#8220;4_4&#8243; _builder_version=&#8220;4.23.1&#8243; _module_preset=&#8220;default&#8220; global_colors_info=&#8220;{}&#8220;][et_pb_text _builder_version=&#8220;4.23.1&#8243; _module_preset=&#8220;default&#8220; header_2_font=&#8220;Oswald||||||||&#8220; header_2_font_size=&#8220;35px&#8220; custom_margin=&#8220;||20px||false|false&#8220; global_colors_info=&#8220;{}&#8220;]<\/p>\n<h2>6. die Sauberkeit:<\/h2>\n<p>[\/et_pb_text][et_pb_text _builder_version=&#8220;4.23.1&#8243; _module_preset=&#8220;default&#8220; text_font=&#8220;Roboto Condensed||||||||&#8220; text_font_size=&#8220;16px&#8220; text_orientation=&#8220;justified&#8220; global_colors_info=&#8220;{}&#8220;]<\/p>\n<p>Das gemietete Fahrzeug muss in hygienisch einwandfreiem Zustand und mit ordnungsgem\u00e4\u00df entleerten Toiletten und Abwassertanks zur\u00fcckgegeben werden. Andernfalls erkl\u00e4rt sich der Nutzer bereit, einen Pauschalbetrag von 100 \u20ac f\u00fcr jeden zutreffenden Posten zu zahlen (Reinigung 100 \u20ac \/ Entleerung des Abwassers 100 \u20ac \/ Beseitigung von Tierhaaren oder Tabakgeruch oder Tabakr\u00fcckst\u00e4nden 100 \u20ac). Die Bef\u00fcllung des Trinkwassertanks mit Kraftstoff wird mit einer Strafe von 600 \u20ac belegt.<\/p>\n<p>[\/et_pb_text][\/et_pb_column][\/et_pb_row][et_pb_row _builder_version=&#8220;4.23.1&#8243; _module_preset=&#8220;default&#8220; max_width=&#8220;1200px&#8220; global_colors_info=&#8220;{}&#8220;][et_pb_column type=&#8220;4_4&#8243; _builder_version=&#8220;4.23.1&#8243; _module_preset=&#8220;default&#8220; global_colors_info=&#8220;{}&#8220;][et_pb_text _builder_version=&#8220;4.23.1&#8243; _module_preset=&#8220;default&#8220; header_2_font=&#8220;Oswald||||||||&#8220; header_2_font_size=&#8220;35px&#8220; custom_margin=&#8220;||20px||false|false&#8220; global_colors_info=&#8220;{}&#8220;]<\/p>\n<h2>7. bu\u00dfgelder und strafen:<\/h2>\n<p>[\/et_pb_text][et_pb_text _builder_version=&#8220;4.23.1&#8243; _module_preset=&#8220;default&#8220; text_font=&#8220;Roboto Condensed||||||||&#8220; text_font_size=&#8220;16px&#8220; text_orientation=&#8220;justified&#8220; global_colors_info=&#8220;{}&#8220;]<\/p>\n<p>Dem Mieter ist es ausdr\u00fccklich untersagt, das Fahrzeug f\u00fcr Wettbewerbe oder Rennen zu nutzen, Waren zu transportieren, Fahrzeuge oder Gegenst\u00e4nde zu schieben oder zu schleppen, die Nutzung an Dritte weiterzugeben, Straft\u00e4tern zu helfen, das Fahrzeug von der Stra\u00dfe zu fahren und unter Alkohol- oder Drogeneinfluss zu fahren. Der Mieter ist verpflichtet, die Verkehrsregeln zu beachten. Dieser haftet f\u00fcr alle Sanktionen oder Bu\u00dfgelder, die gegen ihn wegen Zuwiderhandlung gegen die geltenden Vorschriften verh\u00e4ngt werden, und zwar in folgender H\u00f6he<\/p>\n<p>f\u00fcr den Fall, dass das Fahrzeug aufgrund seines Verschuldens einbehalten oder beschlagnahmt wird, auf seine Kosten und zu seinen Lasten.<\/p>\n<p>Kosten und Sch\u00e4den des Vermieters, einschlie\u00dflich des entgangenen Gesch\u00e4ftsgewinns w\u00e4hrend des Zeitraums der Stilllegung.<\/p>\n<p>[\/et_pb_text][\/et_pb_column][\/et_pb_row][et_pb_row _builder_version=&#8220;4.23.1&#8243; _module_preset=&#8220;default&#8220; max_width=&#8220;1200px&#8220; global_colors_info=&#8220;{}&#8220;][et_pb_column type=&#8220;4_4&#8243; _builder_version=&#8220;4.23.1&#8243; _module_preset=&#8220;default&#8220; global_colors_info=&#8220;{}&#8220;][et_pb_text _builder_version=&#8220;4.23.1&#8243; _module_preset=&#8220;default&#8220; header_2_font=&#8220;Oswald||||||||&#8220; header_2_font_size=&#8220;35px&#8220; custom_margin=&#8220;||20px||false|false&#8220; global_colors_info=&#8220;{}&#8220;]<\/p>\n<h2>8.Nutzung und M\u00e4ngel:<\/h2>\n<p>[\/et_pb_text][et_pb_text _builder_version=&#8220;4.23.1&#8243; _module_preset=&#8220;default&#8220; text_font=&#8220;Roboto Condensed||||||||&#8220; text_font_size=&#8220;16px&#8220; text_orientation=&#8220;justified&#8220; global_colors_info=&#8220;{}&#8220;]<\/p>\n<p>Der Mieter ist verpflichtet, die gemieteten Gegenst\u00e4nde pfleglich zu behandeln, indem er die zur Verf\u00fcgung gestellten Anleitungen oder Benutzerhandb\u00fccher ordnungsgem\u00e4\u00df liest, und haftet f\u00fcr Sch\u00e4den, die durch fehlerhaftes, fahrl\u00e4ssiges oder r\u00fccksichtsloses Fahren entstehen. Bei Bruch, Besch\u00e4digung oder Anzeichen von Sch\u00e4den ist der Mieter verpflichtet, den Vermieter unverz\u00fcglich zu informieren. Wird der Mieter nicht benachrichtigt, kann dies die rechtzeitige \u00dcbergabe an den n\u00e4chsten Mieter beeintr\u00e4chtigen, und dem Mieter kann eine Tagesmiete in Rechnung gestellt werden. Der Mieter muss die Schl\u00fcssel des Fahrzeugs in seinem Besitz behalten. Der Mieter ist daf\u00fcr verantwortlich, das Fahrzeug jederzeit abzuschlie\u00dfen. Alle Fahrzeugfenster (mit Ausnahme des Fahrerhauses) und Oberlichter m\u00fcssen w\u00e4hrend der Fahrt geschlossen bleiben. Die Versicherung deckt keine Unachtsamkeit.<\/p>\n<p>[\/et_pb_text][\/et_pb_column][\/et_pb_row][et_pb_row _builder_version=&#8220;4.23.1&#8243; _module_preset=&#8220;default&#8220; max_width=&#8220;1200px&#8220; global_colors_info=&#8220;{}&#8220;][et_pb_column type=&#8220;4_4&#8243; _builder_version=&#8220;4.23.1&#8243; _module_preset=&#8220;default&#8220; global_colors_info=&#8220;{}&#8220;][et_pb_text _builder_version=&#8220;4.23.1&#8243; _module_preset=&#8220;default&#8220; header_2_font=&#8220;Oswald||||||||&#8220; header_2_font_size=&#8220;35px&#8220; custom_margin=&#8220;||20px||false|false&#8220; global_colors_info=&#8220;{}&#8220;]<\/p>\n<h2>Kraftstoff und Wartung:<\/h2>\n<p>[\/et_pb_text][et_pb_text _builder_version=&#8220;4.23.1&#8243; _module_preset=&#8220;default&#8220; text_font=&#8220;Roboto Condensed||||||||&#8220; text_font_size=&#8220;16px&#8220; text_orientation=&#8220;justified&#8220; global_colors_info=&#8220;{}&#8220;]<\/p>\n<p>Das Fahrzeug wird mit durchgef\u00fchrter Motorwartung ausgeliefert. Wenn die Dauer der Reise es ratsam erscheinen l\u00e4sst, f\u00fchrt der Mieter die notwendigen Wartungsarbeiten auf Kosten des Vermieters durch, und der Vermieter erstattet die Kosten daf\u00fcr. Der Mieter muss den Kraftstofftank bei der \u00dcbergabe so voll lassen, wie er ihn \u00fcbernommen hat. Ist dies nicht der Fall, wird die Differenz mit einer Geb\u00fchr von 10 Euro f\u00fcr den Auff\u00fcllservice in Rechnung gestellt. Der Leasinggeber ist f\u00fcr die Wartung, den \u00d6lwechsel und andere Kosten verantwortlich, und der Leasingnehmer ist verpflichtet, alle 1000 km den Wasser- und \u00d6lstand sowie den Reifendruck zu \u00fcberpr\u00fcfen. Bei Leasingvertr\u00e4gen mit einer Laufleistung von mehr als 5.000 km sollten Sie die Wartungsbedingungen mit dem Leasinggeber abkl\u00e4ren. Reparaturen von mehr als 200 \u20ac m\u00fcssen vom Vermieter genehmigt werden, der den Betrag an den Mieter zur\u00fcckzahlt. Unterhalb dieses Betrags kann der Mieter die Zahlung direkt und ohne Zustimmung des Vermieters vornehmen. In beiden F\u00e4llen ist eine offizielle Rechnung auf den Namen des Vermieters erforderlich. Andernfalls kann keine Erstattung beantragt werden. Das Fahrzeug wird mit Reifen in perfektem Zustand ausgeliefert. Im Falle einer Reifenpanne oder eines geplatzten Reifens w\u00e4hrend des Mietzeitraums ist der Mieter f\u00fcr die Kosten verantwortlich, ohne die M\u00f6glichkeit, vom Vermieter eine Erstattung zu verlangen.<\/p>\n<p>[\/et_pb_text][\/et_pb_column][\/et_pb_row][et_pb_row _builder_version=&#8220;4.23.1&#8243; _module_preset=&#8220;default&#8220; max_width=&#8220;1200px&#8220; global_colors_info=&#8220;{}&#8220;][et_pb_column type=&#8220;4_4&#8243; _builder_version=&#8220;4.23.1&#8243; _module_preset=&#8220;default&#8220; global_colors_info=&#8220;{}&#8220;][et_pb_text _builder_version=&#8220;4.23.1&#8243; _module_preset=&#8220;default&#8220; header_2_font=&#8220;Oswald||||||||&#8220; header_2_font_size=&#8220;35px&#8220; custom_margin=&#8220;||20px||false|false&#8220; global_colors_info=&#8220;{}&#8220;]<\/p>\n<h2>10. die Liefer-, R\u00fcckgabe- und Nichtnutzungsfristen:<\/h2>\n<p>[\/et_pb_text][et_pb_text _builder_version=&#8220;4.23.1&#8243; _module_preset=&#8220;default&#8220; text_font=&#8220;Roboto Condensed||||||||&#8220; text_font_size=&#8220;16px&#8220; text_orientation=&#8220;justified&#8220; global_colors_info=&#8220;{}&#8220;]<\/p>\n<p>Die \u00dcbergabe und R\u00fcckgabe des Fahrzeugs erfolgt in den Einrichtungen von <span style=\"text-decoration: underline;\"><strong>Go Caravan Tenerife<\/strong><\/span> an Tagen und zu Zeiten, die f\u00fcr die \u00d6ffentlichkeit zug\u00e4nglich sind, grunds\u00e4tzlich und immer vorbehaltlich der Verf\u00fcgbarkeit des Zentrums.<\/p>\n<p>Die Abholung und R\u00fcckgabe am Flughafen, Hafen oder Busbahnhof auf Teneriffa h\u00e4ngt von der Verf\u00fcgbarkeit der Vermietstation ab und kostet je nach Abholort zwischen 20 und 70 \u20ac.<\/p>\n<p>Die Wohnmobile werden in einwandfreiem Zustand ausgeliefert, so dass Sie bei einem Bruch oder einer St\u00f6rung des Fahrzeugs w\u00e4hrend der Anmietung keinen Anspruch auf Entsch\u00e4digung haben. Im Falle eines unvorhergesehenen Unfalls, der die Fortsetzung Ihres Urlaubs verhindert, wird der Vertrag sofort aufgel\u00f6st, so dass keine R\u00fcckerstattung des gezahlten Betrags oder der verbleibenden Miettage erfolgt. Kann das Reisemobil aus Gr\u00fcnden, die der Vermieter nicht zu vertreten hat, wie z. B. Pannen, Unf\u00e4lle o. \u00e4. oder h\u00f6here Gewalt, nicht am angegebenen Tag \u00fcbergeben werden, beh\u00e4lt der Mieter die an den Vermieter geleistete Kaution ein und hat keinen Anspruch auf eine Entsch\u00e4digung. Die nicht genutzte Mietdauer wird nicht erstattet. Wir behalten uns das Recht vor, das gemietete Fahrzeug bis zum Tag der \u00dcbergabe gegen ein anderes Fahrzeug der gleichen, h\u00f6heren oder moderneren Kategorie auszutauschen, da die Fahrzeuge st\u00e4ndig erneuert werden.<\/p>\n<p>[\/et_pb_text][\/et_pb_column][\/et_pb_row][et_pb_row _builder_version=&#8220;4.23.1&#8243; _module_preset=&#8220;default&#8220; max_width=&#8220;1200px&#8220; global_colors_info=&#8220;{}&#8220;][et_pb_column type=&#8220;4_4&#8243; _builder_version=&#8220;4.23.1&#8243; _module_preset=&#8220;default&#8220; global_colors_info=&#8220;{}&#8220;][et_pb_text _builder_version=&#8220;4.23.1&#8243; _module_preset=&#8220;default&#8220; header_2_font=&#8220;Oswald||||||||&#8220; header_2_font_size=&#8220;35px&#8220; custom_margin=&#8220;||20px||false|false&#8220; global_colors_info=&#8220;{}&#8220;]<\/p>\n<h2>11. die Zust\u00e4ndigkeit:<\/h2>\n<p>[\/et_pb_text][et_pb_text _builder_version=&#8220;4.23.1&#8243; _module_preset=&#8220;default&#8220; text_font=&#8220;Roboto Condensed||||||||&#8220; text_font_size=&#8220;16px&#8220; text_orientation=&#8220;justified&#8220; global_colors_info=&#8220;{}&#8220;]<\/p>\n<p>F\u00fcr die Beilegung von Streitigkeiten, die sich aus der Auslegung oder Anwendung der in diesem Dokument enthaltenen Bedingungen ergeben, unterwerfen sich beide Parteien der Gerichtsbarkeit und Zust\u00e4ndigkeit der Gerichte der Autonomen Region, in der sie ihren Sitz haben, und verzichten ausdr\u00fccklich auf jede andere Zust\u00e4ndigkeit.<\/p>\n<p>[\/et_pb_text][\/et_pb_column][\/et_pb_row][\/et_pb_section]<\/p>\n","protected":false},"excerpt":{"rendered":"<p>Regeln und Bedingungen1.Treiber:Der Mieter und der\/die Zusatzfahrer m\u00fcssen \u00fcber 25 Jahre alt sein und seit mindestens zwei Jahren im Besitz eines g\u00fcltigen F\u00fchrerscheins der Klasse B sein. Das Wohnmobil darf nur vom Mieter selbst entfernt werden. Die Ausweispapiere des Mieters und eventueller Fahrer m\u00fcssen bei Mietbeginn vorgelegt werden.2. der Mietvertrag:Er gilt von 9 Uhr am [&hellip;]<\/p>\n","protected":false},"author":9,"featured_media":0,"parent":0,"menu_order":0,"comment_status":"closed","ping_status":"closed","template":"","meta":{"_et_pb_use_builder":"on","_et_pb_old_content":"","_et_gb_content_width":"","_joinchat":[],"footnotes":""},"class_list":["post-13932","page","type-page","status-publish","hentry"],"yoast_head":"<!-- This site is optimized with the Yoast SEO plugin v27.5 - https:\/\/yoast.com\/product\/yoast-seo-wordpress\/ -->\n<title>Regeln und Bedingungen - Go Caravan Canarias<\/title>\n<meta name=\"robots\" content=\"index, follow, max-snippet:-1, max-image-preview:large, max-video-preview:-1\" \/>\n<link rel=\"canonical\" href=\"https:\/\/www.gocaravancanarias.com\/de\/regeln-und-bedingungen\/\" \/>\n<meta property=\"og:locale\" content=\"de_DE\" \/>\n<meta property=\"og:type\" content=\"article\" \/>\n<meta property=\"og:title\" content=\"Regeln und Bedingungen - Go Caravan Canarias\" \/>\n<meta property=\"og:description\" content=\"Regeln und Bedingungen1.Treiber:Der Mieter und der\/die Zusatzfahrer m\u00fcssen \u00fcber 25 Jahre alt sein und seit mindestens zwei Jahren im Besitz eines g\u00fcltigen F\u00fchrerscheins der Klasse B sein. Das Wohnmobil darf nur vom Mieter selbst entfernt werden. Die Ausweispapiere des Mieters und eventueller Fahrer m\u00fcssen bei Mietbeginn vorgelegt werden.2. der Mietvertrag:Er gilt von 9 Uhr am [&hellip;]\" \/>\n<meta property=\"og:url\" content=\"https:\/\/www.gocaravancanarias.com\/de\/regeln-und-bedingungen\/\" \/>\n<meta property=\"og:site_name\" content=\"Go Caravan Canarias\" \/>\n<meta property=\"article:publisher\" content=\"https:\/\/www.facebook.com\/people\/Kineled\/100067500994492\/\" \/>\n<meta property=\"article:modified_time\" content=\"2024-07-08T11:06:57+00:00\" \/>\n<meta name=\"twitter:card\" content=\"summary_large_image\" \/>\n<meta name=\"twitter:site\" content=\"@Kineled\" \/>\n<script type=\"application\/ld+json\" class=\"yoast-schema-graph\">{\"@context\":\"https:\\\/\\\/schema.org\",\"@graph\":[{\"@type\":\"WebPage\",\"@id\":\"https:\\\/\\\/www.gocaravancanarias.com\\\/de\\\/regeln-und-bedingungen\\\/\",\"url\":\"https:\\\/\\\/www.gocaravancanarias.com\\\/de\\\/regeln-und-bedingungen\\\/\",\"name\":\"Regeln und Bedingungen - Go Caravan Canarias\",\"isPartOf\":{\"@id\":\"https:\\\/\\\/www.gocaravancanarias.com\\\/#website\"},\"datePublished\":\"2023-12-01T11:01:15+00:00\",\"dateModified\":\"2024-07-08T11:06:57+00:00\",\"breadcrumb\":{\"@id\":\"https:\\\/\\\/www.gocaravancanarias.com\\\/de\\\/regeln-und-bedingungen\\\/#breadcrumb\"},\"inLanguage\":\"de\",\"potentialAction\":[{\"@type\":\"ReadAction\",\"target\":[\"https:\\\/\\\/www.gocaravancanarias.com\\\/de\\\/regeln-und-bedingungen\\\/\"]}]},{\"@type\":\"BreadcrumbList\",\"@id\":\"https:\\\/\\\/www.gocaravancanarias.com\\\/de\\\/regeln-und-bedingungen\\\/#breadcrumb\",\"itemListElement\":[{\"@type\":\"ListItem\",\"position\":1,\"name\":\"Portada\",\"item\":\"https:\\\/\\\/www.gocaravancanarias.com\\\/de\\\/\"},{\"@type\":\"ListItem\",\"position\":2,\"name\":\"Regeln und Bedingungen\"}]},{\"@type\":\"WebSite\",\"@id\":\"https:\\\/\\\/www.gocaravancanarias.com\\\/#website\",\"url\":\"https:\\\/\\\/www.gocaravancanarias.com\\\/\",\"name\":\"Go Caravan Canarias\",\"description\":\"Alquiler de Autocaravanas y Campers\",\"publisher\":{\"@id\":\"https:\\\/\\\/www.gocaravancanarias.com\\\/#organization\"},\"potentialAction\":[{\"@type\":\"SearchAction\",\"target\":{\"@type\":\"EntryPoint\",\"urlTemplate\":\"https:\\\/\\\/www.gocaravancanarias.com\\\/?s={search_term_string}\"},\"query-input\":{\"@type\":\"PropertyValueSpecification\",\"valueRequired\":true,\"valueName\":\"search_term_string\"}}],\"inLanguage\":\"de\"},{\"@type\":\"Organization\",\"@id\":\"https:\\\/\\\/www.gocaravancanarias.com\\\/#organization\",\"name\":\"Kineled Pantallas publicitarias\",\"url\":\"https:\\\/\\\/www.gocaravancanarias.com\\\/\",\"logo\":{\"@type\":\"ImageObject\",\"inLanguage\":\"de\",\"@id\":\"https:\\\/\\\/www.gocaravancanarias.com\\\/#\\\/schema\\\/logo\\\/image\\\/\",\"url\":\"http:\\\/\\\/www.gocaravancanarias.com\\\/wp-content\\\/uploads\\\/2023\\\/02\\\/logo.png\",\"contentUrl\":\"http:\\\/\\\/www.gocaravancanarias.com\\\/wp-content\\\/uploads\\\/2023\\\/02\\\/logo.png\",\"width\":200,\"height\":80,\"caption\":\"Kineled Pantallas publicitarias\"},\"image\":{\"@id\":\"https:\\\/\\\/www.gocaravancanarias.com\\\/#\\\/schema\\\/logo\\\/image\\\/\"},\"sameAs\":[\"https:\\\/\\\/www.facebook.com\\\/people\\\/Kineled\\\/100067500994492\\\/\",\"https:\\\/\\\/x.com\\\/Kineled\",\"https:\\\/\\\/es.linkedin.com\\\/in\\\/kineled-displays-809b4267\"]}]}<\/script>\n<!-- \/ Yoast SEO plugin. -->","yoast_head_json":{"title":"Regeln und Bedingungen - Go Caravan Canarias","robots":{"index":"index","follow":"follow","max-snippet":"max-snippet:-1","max-image-preview":"max-image-preview:large","max-video-preview":"max-video-preview:-1"},"canonical":"https:\/\/www.gocaravancanarias.com\/de\/regeln-und-bedingungen\/","og_locale":"de_DE","og_type":"article","og_title":"Regeln und Bedingungen - Go Caravan Canarias","og_description":"Regeln und Bedingungen1.Treiber:Der Mieter und der\/die Zusatzfahrer m\u00fcssen \u00fcber 25 Jahre alt sein und seit mindestens zwei Jahren im Besitz eines g\u00fcltigen F\u00fchrerscheins der Klasse B sein. Das Wohnmobil darf nur vom Mieter selbst entfernt werden. Die Ausweispapiere des Mieters und eventueller Fahrer m\u00fcssen bei Mietbeginn vorgelegt werden.2. der Mietvertrag:Er gilt von 9 Uhr am [&hellip;]","og_url":"https:\/\/www.gocaravancanarias.com\/de\/regeln-und-bedingungen\/","og_site_name":"Go Caravan Canarias","article_publisher":"https:\/\/www.facebook.com\/people\/Kineled\/100067500994492\/","article_modified_time":"2024-07-08T11:06:57+00:00","twitter_card":"summary_large_image","twitter_site":"@Kineled","schema":{"@context":"https:\/\/schema.org","@graph":[{"@type":"WebPage","@id":"https:\/\/www.gocaravancanarias.com\/de\/regeln-und-bedingungen\/","url":"https:\/\/www.gocaravancanarias.com\/de\/regeln-und-bedingungen\/","name":"Regeln und Bedingungen - Go Caravan Canarias","isPartOf":{"@id":"https:\/\/www.gocaravancanarias.com\/#website"},"datePublished":"2023-12-01T11:01:15+00:00","dateModified":"2024-07-08T11:06:57+00:00","breadcrumb":{"@id":"https:\/\/www.gocaravancanarias.com\/de\/regeln-und-bedingungen\/#breadcrumb"},"inLanguage":"de","potentialAction":[{"@type":"ReadAction","target":["https:\/\/www.gocaravancanarias.com\/de\/regeln-und-bedingungen\/"]}]},{"@type":"BreadcrumbList","@id":"https:\/\/www.gocaravancanarias.com\/de\/regeln-und-bedingungen\/#breadcrumb","itemListElement":[{"@type":"ListItem","position":1,"name":"Portada","item":"https:\/\/www.gocaravancanarias.com\/de\/"},{"@type":"ListItem","position":2,"name":"Regeln und Bedingungen"}]},{"@type":"WebSite","@id":"https:\/\/www.gocaravancanarias.com\/#website","url":"https:\/\/www.gocaravancanarias.com\/","name":"Go Caravan Canarias","description":"Alquiler de Autocaravanas y Campers","publisher":{"@id":"https:\/\/www.gocaravancanarias.com\/#organization"},"potentialAction":[{"@type":"SearchAction","target":{"@type":"EntryPoint","urlTemplate":"https:\/\/www.gocaravancanarias.com\/?s={search_term_string}"},"query-input":{"@type":"PropertyValueSpecification","valueRequired":true,"valueName":"search_term_string"}}],"inLanguage":"de"},{"@type":"Organization","@id":"https:\/\/www.gocaravancanarias.com\/#organization","name":"Kineled Pantallas publicitarias","url":"https:\/\/www.gocaravancanarias.com\/","logo":{"@type":"ImageObject","inLanguage":"de","@id":"https:\/\/www.gocaravancanarias.com\/#\/schema\/logo\/image\/","url":"http:\/\/www.gocaravancanarias.com\/wp-content\/uploads\/2023\/02\/logo.png","contentUrl":"http:\/\/www.gocaravancanarias.com\/wp-content\/uploads\/2023\/02\/logo.png","width":200,"height":80,"caption":"Kineled Pantallas publicitarias"},"image":{"@id":"https:\/\/www.gocaravancanarias.com\/#\/schema\/logo\/image\/"},"sameAs":["https:\/\/www.facebook.com\/people\/Kineled\/100067500994492\/","https:\/\/x.com\/Kineled","https:\/\/es.linkedin.com\/in\/kineled-displays-809b4267"]}]}},"_links":{"self":[{"href":"https:\/\/www.gocaravancanarias.com\/de\/wp-json\/wp\/v2\/pages\/13932","targetHints":{"allow":["GET"]}}],"collection":[{"href":"https:\/\/www.gocaravancanarias.com\/de\/wp-json\/wp\/v2\/pages"}],"about":[{"href":"https:\/\/www.gocaravancanarias.com\/de\/wp-json\/wp\/v2\/types\/page"}],"author":[{"embeddable":true,"href":"https:\/\/www.gocaravancanarias.com\/de\/wp-json\/wp\/v2\/users\/9"}],"replies":[{"embeddable":true,"href":"https:\/\/www.gocaravancanarias.com\/de\/wp-json\/wp\/v2\/comments?post=13932"}],"version-history":[{"count":0,"href":"https:\/\/www.gocaravancanarias.com\/de\/wp-json\/wp\/v2\/pages\/13932\/revisions"}],"wp:attachment":[{"href":"https:\/\/www.gocaravancanarias.com\/de\/wp-json\/wp\/v2\/media?parent=13932"}],"curies":[{"name":"wp","href":"https:\/\/api.w.org\/{rel}","templated":true}]}}