{"id":13906,"date":"2023-10-25T08:41:39","date_gmt":"2023-10-25T06:41:39","guid":{"rendered":"http:\/\/www.gocaravancanarias.com\/casa\/"},"modified":"2024-07-08T13:24:49","modified_gmt":"2024-07-08T11:24:49","slug":"casa","status":"publish","type":"page","link":"https:\/\/www.gocaravancanarias.com\/it\/","title":{"rendered":"Casa"},"content":{"rendered":"<p>[et_pb_section fb_built=&#8221;1&#8243; custom_padding_last_edited=&#8221;on|phone&#8221; _builder_version=&#8221;4.23.4&#8243; _module_preset=&#8221;default&#8221; background_color=&#8221;#aaaaaa&#8221; background_image=&#8221;https:\/\/www.gocaravancanarias.com\/wp-content\/uploads\/2023\/11\/92a987d2-96b1-4951-a6cd-978cbc695cdd.jpg&#8221; background_blend=&#8221;multiply&#8221; custom_padding=&#8221;150px||150px||true|false&#8221; custom_padding_tablet=&#8221;150px||150px||true|false&#8221; custom_padding_phone=&#8221;25px||50px||false|false&#8221; global_colors_info=&#8221;{}&#8221;][et_pb_row _builder_version=&#8221;4.23&#8243; _module_preset=&#8221;default&#8221; global_colors_info=&#8221;{}&#8221;][et_pb_column type=&#8221;4_4&#8243; _builder_version=&#8221;4.23&#8243; _module_preset=&#8221;default&#8221; global_colors_info=&#8221;{}&#8221;][et_pb_image src=&#8221;https:\/\/www.gocaravancanarias.com\/wp-content\/uploads\/2023\/11\/bg-text_Caravan.png&#8221; title_text=&#8221;bg-text_Caravan&#8221; align=&#8221;center&#8221; _builder_version=&#8221;4.23.1&#8243; _module_preset=&#8221;default&#8221; custom_margin=&#8221;||-40px||false|false&#8221; global_colors_info=&#8221;{}&#8221;][\/et_pb_image][et_pb_text _builder_version=&#8221;4.26.0&#8243; _module_preset=&#8221;default&#8221; header_font=&#8221;Oswald|600||on|||||&#8221; header_text_align=&#8221;center&#8221; header_text_color=&#8221;#FFFFFF&#8221; header_font_size=&#8221;65px&#8221; header_letter_spacing=&#8221;1px&#8221; custom_margin=&#8221;||||false|false&#8221; custom_padding=&#8221;||54px||false|false&#8221; custom_padding_tablet=&#8221;||54px||false|false&#8221; custom_padding_phone=&#8221;||10px||false|false&#8221; custom_padding_last_edited=&#8221;on|phone&#8221; hover_enabled=&#8221;0&#8243; header_font_size_tablet=&#8221;65px&#8221; header_font_size_phone=&#8221;36px&#8221; header_font_size_last_edited=&#8221;on|phone&#8221; global_colors_info=&#8221;{}&#8221; sticky_enabled=&#8221;0&#8243;]<\/p>\n<h1><\/h1>\n<h1><\/h1>\n<h1><\/h1>\n<h1><\/h1>\n<h1><\/h1>\n<h1><\/h1>\n<h1>Noleggio camper<br \/>a Tenerife<\/h1>\n<p>[\/et_pb_text][et_pb_code disabled_on=&#8221;off|off|off&#8221; _builder_version=&#8221;4.23.4&#8243; _module_preset=&#8221;default&#8221; global_colors_info=&#8221;{}&#8221;]<script type=\"text\/javascript\" class=\"\" src=\"https:\/\/cdn.lodgify.com\/portable-search-bar\/1.169.1\/renderPortableSearchBar.js\"><\/script><\/p>\n<div>\n<div id=\"lodgify-search-bar\" data-website-id=\"336440\" data-language-code=\"es\" data-search-page-url=\"https:\/\/gocaravancanarias.lodgify.com\/es\/vehiculos\" data-dates-check-in-label=\"Llegada\" data-dates-check-out-label=\"Salida\" data-guests-counter-label=\"Hu\u00e9sped\" data-guests-input-singular-label=\"{&lt;wpml_curved wpml_value='NumberOfGuests'&gt;&lt;\/wpml_curved&gt;} invitado\" data-guests-input-plural-label=\"{&lt;wpml_curved wpml_value='NumberOfGuests'&gt;&lt;\/wpml_curved&gt;} invitados\" data-location-input-label=\"Ubicaci\u00f3n\" data-search-button-label=\"Buscar\" data-new-tab=\"true\"><!-- [et_pb_line_break_holder] -->  <\/div>\n<p><!-- [et_pb_line_break_holder] -->  <\/p>\n<style type=\"text\/css\"><!-- [et_pb_line_break_holder] -->  html {<!-- [et_pb_line_break_holder] -->    --lodgify-ui-action-color: #fac600;<!-- [et_pb_line_break_holder] -->    --lodgify-ui-action-darker-color: #c89e00;<!-- [et_pb_line_break_holder] -->    --lodgify-ui-action-lighter-color: #fde899;<!-- [et_pb_line_break_holder] -->    --lodgify-ui-action-contrast-color: #000000;<!-- [et_pb_line_break_holder] -->  }<!-- [et_pb_line_break_holder] -->  <\/style>\n<p><!-- [et_pb_line_break_holder] -->  <\/div>\n<p>[\/et_pb_code][\/et_pb_column][\/et_pb_row][\/et_pb_section][et_pb_section fb_built=&#8221;1&#8243; _builder_version=&#8221;4.23&#8243; _module_preset=&#8221;default&#8221; custom_padding=&#8221;3px||3px|||&#8221; global_colors_info=&#8221;{}&#8221;][et_pb_row _builder_version=&#8221;4.23.4&#8243; _module_preset=&#8221;default&#8221; global_colors_info=&#8221;{}&#8221;][et_pb_column type=&#8221;4_4&#8243; _builder_version=&#8221;4.23.4&#8243; _module_preset=&#8221;default&#8221; global_colors_info=&#8221;{}&#8221;][et_pb_text _builder_version=&#8221;4.23.4&#8243; _module_preset=&#8221;default&#8221; header_2_font=&#8221;Oswald|700|||||||&#8221; header_2_text_color=&#8221;gcid-70e37b96-373b-4683-967a-f8d83e9ee1d1&#8243; header_2_font_size=&#8221;45px&#8221; header_2_line_height=&#8221;1.15em&#8221; global_colors_info=&#8221;{%22gcid-70e37b96-373b-4683-967a-f8d83e9ee1d1%22:%91%22header_2_text_color%22%93}&#8221;]<\/p>\n<h2 style=\"text-align: center;\">Noleggio camper e roulotte a Tenerife<\/h2>\n<p>[\/et_pb_text][\/et_pb_column][\/et_pb_row][et_pb_row column_structure=&#8221;1_3,1_3,1_3&#8243; use_custom_gutter=&#8221;on&#8221; gutter_width=&#8221;2&#8243; _builder_version=&#8221;4.23.1&#8243; _module_preset=&#8221;default&#8221; max_width=&#8221;1200px&#8221; global_colors_info=&#8221;{}&#8221;][et_pb_column type=&#8221;1_3&#8243; _builder_version=&#8221;4.23.1&#8243; _module_preset=&#8221;default&#8221; z_index=&#8221;1&#8243; global_colors_info=&#8221;{}&#8221;][et_pb_image src=&#8221;https:\/\/www.gocaravancanarias.com\/wp-content\/uploads\/2023\/11\/family.png&#8221; title_text=&#8221;family&#8221; align=&#8221;center&#8221; _builder_version=&#8221;4.23&#8243; _module_preset=&#8221;default&#8221; width=&#8221;20%&#8221; max_width=&#8221;20%&#8221; global_colors_info=&#8221;{}&#8221;][\/et_pb_image][et_pb_text _builder_version=&#8221;4.23.1&#8243; _module_preset=&#8221;default&#8221; header_text_align=&#8221;center&#8221; header_3_font=&#8221;Oswald|700|||||||&#8221; header_3_text_align=&#8221;center&#8221; header_3_text_color=&#8221;gcid-70e37b96-373b-4683-967a-f8d83e9ee1d1&#8243; header_3_font_size=&#8221;30px&#8221; header_3_line_height=&#8221;1.15em&#8221; global_colors_info=&#8221;{%22gcid-70e37b96-373b-4683-967a-f8d83e9ee1d1%22:%91%22header_3_text_color%22%93}&#8221;]<\/p>\n<h3>01. Scegliete la data e gli accompagnatori desiderati<\/h3>\n<p>[\/et_pb_text][\/et_pb_column][et_pb_column type=&#8221;1_3&#8243; _builder_version=&#8221;4.23.1&#8243; _module_preset=&#8221;default&#8221; z_index=&#8221;1&#8243; global_colors_info=&#8221;{}&#8221;][et_pb_image src=&#8221;https:\/\/www.gocaravancanarias.com\/wp-content\/uploads\/2023\/11\/caravan.png&#8221; title_text=&#8221;caravan&#8221; align=&#8221;center&#8221; _builder_version=&#8221;4.23&#8243; _module_preset=&#8221;default&#8221; width=&#8221;20%&#8221; max_width=&#8221;20%&#8221; global_colors_info=&#8221;{}&#8221;][\/et_pb_image][et_pb_text _builder_version=&#8221;4.23.1&#8243; _module_preset=&#8221;default&#8221; header_3_font=&#8221;Oswald|700|||||||&#8221; header_3_text_align=&#8221;center&#8221; header_3_text_color=&#8221;gcid-70e37b96-373b-4683-967a-f8d83e9ee1d1&#8243; header_3_font_size=&#8221;30px&#8221; header_3_line_height=&#8221;1.15em&#8221; global_colors_info=&#8221;{%22gcid-70e37b96-373b-4683-967a-f8d83e9ee1d1%22:%91%22header_3_text_color%22%93}&#8221;]<\/p>\n<h3>02. Cerca il camper dei tuoi sogni<\/h3>\n<p>[\/et_pb_text][\/et_pb_column][et_pb_column type=&#8221;1_3&#8243; _builder_version=&#8221;4.23.1&#8243; _module_preset=&#8221;default&#8221; z_index=&#8221;1&#8243; global_colors_info=&#8221;{}&#8221;][et_pb_image src=&#8221;https:\/\/www.gocaravancanarias.com\/wp-content\/uploads\/2023\/11\/hills.png&#8221; title_text=&#8221;hills&#8221; align=&#8221;center&#8221; _builder_version=&#8221;4.23&#8243; _module_preset=&#8221;default&#8221; width=&#8221;20%&#8221; max_width=&#8221;20%&#8221; global_colors_info=&#8221;{}&#8221;][\/et_pb_image][et_pb_text _builder_version=&#8221;4.23.1&#8243; _module_preset=&#8221;default&#8221; header_3_font=&#8221;Oswald|700|||||||&#8221; header_3_text_align=&#8221;center&#8221; header_3_text_color=&#8221;gcid-70e37b96-373b-4683-967a-f8d83e9ee1d1&#8243; header_3_font_size=&#8221;30px&#8221; header_3_line_height=&#8221;1.15em&#8221; global_colors_info=&#8221;{%22gcid-70e37b96-373b-4683-967a-f8d83e9ee1d1%22:%91%22header_3_text_color%22%93}&#8221;]<\/p>\n<h3>03. e iniziate a godervi il vostro camper alle isole Canarie!<\/h3>\n<p>[\/et_pb_text][\/et_pb_column][\/et_pb_row][\/et_pb_section][et_pb_section fb_built=&#8221;1&#8243; _builder_version=&#8221;4.23&#8243; _module_preset=&#8221;default&#8221; custom_padding=&#8221;3px||2px|||&#8221; global_colors_info=&#8221;{}&#8221;][et_pb_row _builder_version=&#8221;4.23&#8243; _module_preset=&#8221;default&#8221; global_colors_info=&#8221;{}&#8221;][et_pb_column type=&#8221;4_4&#8243; _builder_version=&#8221;4.23&#8243; _module_preset=&#8221;default&#8221; global_colors_info=&#8221;{}&#8221;][et_pb_image src=&#8221;https:\/\/www.gocaravancanarias.com\/wp-content\/uploads\/2023\/11\/caravanas-canarias.png&#8221; title_text=&#8221;caravanas-canarias&#8221; _builder_version=&#8221;4.23&#8243; _module_preset=&#8221;default&#8221; global_colors_info=&#8221;{}&#8221;][\/et_pb_image][\/et_pb_column][\/et_pb_row][\/et_pb_section][et_pb_section fb_built=&#8221;1&#8243; custom_padding_last_edited=&#8221;on|phone&#8221; _builder_version=&#8221;4.23.1&#8243; _module_preset=&#8221;default&#8221; background_image=&#8221;https:\/\/www.gocaravancanarias.com\/wp-content\/uploads\/2023\/11\/Fondo_01.jpg&#8221; custom_padding=&#8221;5px||||false|false&#8221; custom_padding_tablet=&#8221;5px||||false|false&#8221; custom_padding_phone=&#8221;5px||10px||false|false&#8221; global_colors_info=&#8221;{}&#8221;][et_pb_row column_structure=&#8221;1_2,1_2&#8243; _builder_version=&#8221;4.23&#8243; _module_preset=&#8221;default&#8221; max_width=&#8221;1200px&#8221; global_colors_info=&#8221;{}&#8221;][et_pb_column type=&#8221;1_2&#8243; _builder_version=&#8221;4.23&#8243; _module_preset=&#8221;default&#8221; global_colors_info=&#8221;{}&#8221;][et_pb_text _builder_version=&#8221;4.23.1&#8243; _module_preset=&#8221;default&#8221; header_2_font=&#8221;Oswald|700|||||||&#8221; header_2_text_color=&#8221;gcid-70e37b96-373b-4683-967a-f8d83e9ee1d1&#8243; header_2_font_size=&#8221;45px&#8221; header_2_line_height=&#8221;1.15em&#8221; global_colors_info=&#8221;{%22gcid-70e37b96-373b-4683-967a-f8d83e9ee1d1%22:%91%22header_2_text_color%22%93}&#8221;]<\/p>\n<h2>Voglio noleggiare un camper a Tenerife<\/h2>\n<p>[\/et_pb_text][et_pb_text _builder_version=&#8221;4.23.4&#8243; _module_preset=&#8221;default&#8221; text_font=&#8221;Roboto Condensed||||||||&#8221; text_text_color=&#8221;#737576&#8243; text_font_size=&#8221;16px&#8221; text_line_height=&#8221;1.65em&#8221; custom_margin=&#8221;||||false|false&#8221; text_text_color_tablet=&#8221;#737576&#8243; text_text_color_phone=&#8221;#000000&#8243; text_text_color_last_edited=&#8221;on|phone&#8221; global_colors_info=&#8221;{}&#8221;]<\/p>\n<p>Se siete interessati a <strong>noleggiare un camper o un camper a Tenerife<\/strong> per esplorare le Isole Canarie, siete nel posto giusto. Vi offriamo l&#8217;opportunit\u00e0 di viaggiare per le diverse isole (Tenerife, La Palma, La Gomera, El Hierro, Gran Canaria, Fuerteventura o Lanzarote) al vostro ritmo.<\/p>\n<p>La nostra <strong>societ\u00e0 di noleggio di camper e caravan<\/strong> si trova a Tenerife, molto vicino all&#8217;aeroporto TFN. Con noi potete noleggiare un camper e viaggiare comodamente e rapidamente in barca verso qualsiasi isola delle Canarie.<\/p>\n<p><strong>Viaggiare in camper o camperisti<\/strong> \u00e8 una delle esperienze pi\u00f9 arricchenti. Avrete la libert\u00e0 di muovervi e fermarvi dove volete, senza fretta ma senza pause, divertendovi al vostro ritmo. Esplorate i diversi luoghi e ambienti che il noleggio di un camper nelle Isole Canarie offre con noi. Ci distinguiamo come leader nel noleggio di camper a Tenerife.<\/p>\n<p>Immergetevi nell&#8217;emozionante mondo dei camper e <strong>noleggiatene uno a Tenerife<\/strong>.<\/p>\n<p>Se non avete alcuna esperienza precedente, non preoccupatevi, vi facilitiamo il compito. Il giorno del ritiro, saremo lieti di spiegarvi tutti gli aspetti del funzionamento del veicolo e di condividere con voi i consigli per farvi vivere un&#8217;esperienza indimenticabile. Siamo la scelta migliore <strong>per il noleggio di camper a Tenerife.<\/strong><\/p>\n<p>[\/et_pb_text][\/et_pb_column][et_pb_column type=&#8221;1_2&#8243; _builder_version=&#8221;4.23&#8243; _module_preset=&#8221;default&#8221; global_colors_info=&#8221;{}&#8221;][et_pb_image src=&#8221;https:\/\/www.gocaravancanarias.com\/wp-content\/uploads\/2023\/11\/paisaje-alquiler-caravana-canarias.png&#8221; alt=&#8221;Noleggio camper a Tenerife&#8221; title_text=&#8221;Noleggio camper a Tenerife&#8221; disabled_on=&#8221;on|off|off&#8221; _builder_version=&#8221;4.23.4&#8243; _module_preset=&#8221;default&#8221; global_colors_info=&#8221;{}&#8221;][\/et_pb_image][et_pb_image src=&#8221;https:\/\/www.gocaravancanarias.com\/wp-content\/uploads\/2023\/11\/momento-alquiler-caravana-canarias.png&#8221; alt=&#8221;Noleggio camper a Tenerife&#8221; title_text=&#8221;Noleggio camper a Tenerife&#8221; align=&#8221;right&#8221; disabled_on=&#8221;on|on|off&#8221; _builder_version=&#8221;4.23.4&#8243; _module_preset=&#8221;default&#8221; custom_margin=&#8221;-400px||||false|false&#8221; global_colors_info=&#8221;{}&#8221;][\/et_pb_image][\/et_pb_column][\/et_pb_row][\/et_pb_section][et_pb_section fb_built=&#8221;1&#8243; custom_padding_last_edited=&#8221;on|phone&#8221; _builder_version=&#8221;4.23.1&#8243; _module_preset=&#8221;default&#8221; background_image=&#8221;https:\/\/www.gocaravancanarias.com\/wp-content\/uploads\/2023\/11\/Fondo_02.jpg&#8221; custom_margin=&#8221;-140px||||false|false&#8221; custom_margin_tablet=&#8221;-140px||||false|false&#8221; custom_margin_phone=&#8221;0px||||false|false&#8221; custom_margin_last_edited=&#8221;on|phone&#8221; custom_padding=&#8221;300px||300px||true|false&#8221; custom_padding_tablet=&#8221;300px||300px||true|false&#8221; custom_padding_phone=&#8221;0px||0px||true|false&#8221; global_colors_info=&#8221;{}&#8221;][et_pb_row column_structure=&#8221;2_5,3_5&#8243; use_custom_gutter=&#8221;on&#8221; gutter_width=&#8221;1&#8243; _builder_version=&#8221;4.23.1&#8243; _module_preset=&#8221;default&#8221; width=&#8221;100%&#8221; max_width=&#8221;100%&#8221; custom_css_main_element=&#8221;display: flex;||align-items: flex-end;&#8221; global_colors_info=&#8221;{}&#8221; custom_css_main_element_last_edited=&#8221;on|phone&#8221; custom_css_main_element_phone=&#8221;display: block;&#8221; custom_css_main_element_tablet=&#8221;display: flex;||align-items: flex-end;&#8221;][et_pb_column type=&#8221;2_5&#8243; disabled_on=&#8221;on|off|off&#8221; _builder_version=&#8221;4.23.1&#8243; _module_preset=&#8221;default&#8221; z_index=&#8221;9999&#8243; global_colors_info=&#8221;{}&#8221;][et_pb_image src=&#8221;https:\/\/www.gocaravancanarias.com\/wp-content\/uploads\/2023\/12\/e487aec0-8b4c-49e1-8ce5-c0f53b5126f1.png&#8221; alt=&#8221;Noleggio camper a Tenerife&#8221; title_text=&#8221;Noleggio camper a Tenerife&#8221; align=&#8221;right&#8221; align_tablet=&#8221;right&#8221; align_phone=&#8221;center&#8221; align_last_edited=&#8221;on|phone&#8221; _builder_version=&#8221;4.23.4&#8243; _module_preset=&#8221;default&#8221; z_index=&#8221;99999&#8243; module_alignment=&#8221;right&#8221; custom_margin=&#8221;|-31px|-250px||false|false&#8221; custom_margin_tablet=&#8221;|-31px|-250px||false|false&#8221; custom_margin_phone=&#8221;|10px|0px|0px|false|false&#8221; custom_margin_last_edited=&#8221;on|phone&#8221; module_alignment_tablet=&#8221;right&#8221; module_alignment_phone=&#8221;center&#8221; module_alignment_last_edited=&#8221;on|phone&#8221; custom_css_main_element=&#8221;max-width: 150% !important;||width: 550px !important;&#8221; global_colors_info=&#8221;{}&#8221; custom_css_main_element_last_edited=&#8221;on|phone&#8221; custom_css_main_element_phone=&#8221;max-width: 100% !important;||width: 95% !important;||&#8221; custom_css_main_element_tablet=&#8221;max-width: 150% !important;||width: 550px !important;&#8221;][\/et_pb_image][\/et_pb_column][et_pb_column type=&#8221;3_5&#8243; _builder_version=&#8221;4.23.1&#8243; _module_preset=&#8221;default&#8221; background_color=&#8221;#c4eeec&#8221; custom_padding=&#8221;50px|200px|50px|100px|true|false&#8221; custom_padding_tablet=&#8221;50px|200px|50px|100px|true|false&#8221; custom_padding_phone=&#8221;50px|30px|50px|30px|true|false&#8221; custom_padding_last_edited=&#8221;on|phone&#8221; global_colors_info=&#8221;{}&#8221;][et_pb_text _builder_version=&#8221;4.23.1&#8243; _module_preset=&#8221;default&#8221; header_2_font=&#8221;Oswald|700|||||||&#8221; header_2_text_color=&#8221;gcid-70e37b96-373b-4683-967a-f8d83e9ee1d1&#8243; header_2_font_size=&#8221;45px&#8221; header_2_line_height=&#8221;1.15em&#8221; custom_padding=&#8221;||||false|false&#8221; global_colors_info=&#8221;{%22gcid-70e37b96-373b-4683-967a-f8d83e9ee1d1%22:%91%22header_2_text_color%22%93}&#8221;]<\/p>\n<h2>Perch\u00e9 viaggiare in camper?<\/h2>\n<p>[\/et_pb_text][et_pb_text module_class=&#8221;custom_bullets_wpcc&#8221; _builder_version=&#8221;4.23.4&#8243; _module_preset=&#8221;default&#8221; text_font=&#8221;Roboto Condensed||||||||&#8221; text_text_color=&#8221;#000000&#8243; text_font_size=&#8221;16px&#8221; header_5_font=&#8221;Oswald|300|||||||&#8221; header_5_font_size=&#8221;26px&#8221; custom_padding=&#8221;||||false|false&#8221; global_colors_info=&#8221;{}&#8221;]<\/p>\n<p>Vi siete mai soffermati a pensare a come si sentono le persone che viaggiano in camper? Non \u00e8 raro vedere alcuni di questi veicoli su strada, ma se non li avete mai provati prima, potreste non rendervi conto di quanto possano aiutarvi a vivere una vacanza da sogno. Per questo motivo, da Go Caravan Canarias vorremmo parlarvi di quanto sia positivo pianificare viaggi o fughe in camper, sia che si tratti del proprio che di quello a noleggio. Siete pronti ad appassionarvi a questo stile di vita che sta diventando sempre pi\u00f9 popolare?<\/p>\n<p>[\/et_pb_text][\/et_pb_column][\/et_pb_row][\/et_pb_section][et_pb_section fb_built=&#8221;1&#8243; custom_padding_last_edited=&#8221;on|phone&#8221; _builder_version=&#8221;4.23.1&#8243; _module_preset=&#8221;default&#8221; background_image=&#8221;https:\/\/www.gocaravancanarias.com\/wp-content\/uploads\/2023\/11\/Fondo_03_V2.jpg&#8221; custom_margin=&#8221;-150px||||false|false&#8221; custom_padding=&#8221;140px||200px||false|false&#8221; custom_padding_tablet=&#8221;140px||200px||false|false&#8221; custom_padding_phone=&#8221;140px||150px||false|false&#8221; global_colors_info=&#8221;{}&#8221;][et_pb_row column_structure=&#8221;1_3,1_3,1_3&#8243; use_custom_gutter=&#8221;on&#8221; gutter_width=&#8221;2&#8243; _builder_version=&#8221;4.23&#8243; _module_preset=&#8221;default&#8221; max_width=&#8221;1200px&#8221; custom_padding=&#8221;0px||0px||true|false&#8221; global_colors_info=&#8221;{}&#8221;][et_pb_column type=&#8221;1_3&#8243; _builder_version=&#8221;4.23&#8243; _module_preset=&#8221;default&#8221; global_colors_info=&#8221;{}&#8221;][et_pb_image src=&#8221;https:\/\/www.gocaravancanarias.com\/wp-content\/uploads\/2023\/11\/Foto_01.jpg&#8221; alt=&#8221;Societ\u00e0 di noleggio camper a Tenerife&#8221; title_text=&#8221;Societ\u00e0 di noleggio camper a Tenerife&#8221; force_fullwidth=&#8221;on&#8221; _builder_version=&#8221;4.23.4&#8243; _module_preset=&#8221;default&#8221; height=&#8221;100%&#8221; global_colors_info=&#8221;{}&#8221;][\/et_pb_image][\/et_pb_column][et_pb_column type=&#8221;1_3&#8243; _builder_version=&#8221;4.23&#8243; _module_preset=&#8221;default&#8221; global_colors_info=&#8221;{}&#8221;][et_pb_image src=&#8221;https:\/\/www.gocaravancanarias.com\/wp-content\/uploads\/2023\/11\/Review_01.jpg&#8221; alt=&#8221;Noleggio camper a Gran Canaria: recensione&#8221; title_text=&#8221;Noleggio camper a Gran Canaria: recensione&#8221; _builder_version=&#8221;4.23.4&#8243; _module_preset=&#8221;default&#8221; custom_margin=&#8221;||32px||false|false&#8221; global_colors_info=&#8221;{}&#8221;][\/et_pb_image][et_pb_image src=&#8221;https:\/\/www.gocaravancanarias.com\/wp-content\/uploads\/2023\/11\/Review_02.jpg&#8221; alt=&#8221;Noleggio camper a Gran Canaria: recensione&#8221; title_text=&#8221;Noleggio camper a Gran Canaria: recensione&#8221; _builder_version=&#8221;4.23.4&#8243; _module_preset=&#8221;default&#8221; global_colors_info=&#8221;{}&#8221;][\/et_pb_image][\/et_pb_column][et_pb_column type=&#8221;1_3&#8243; _builder_version=&#8221;4.23&#8243; _module_preset=&#8221;default&#8221; global_colors_info=&#8221;{}&#8221;][et_pb_image src=&#8221;https:\/\/www.gocaravancanarias.com\/wp-content\/uploads\/2023\/12\/Foto_03.png&#8221; alt=&#8221;Noleggio camper a Tenerife&#8221; title_text=&#8221;Noleggio camper a Tenerife&#8221; force_fullwidth=&#8221;on&#8221; _builder_version=&#8221;4.23.4&#8243; _module_preset=&#8221;default&#8221; height=&#8221;100%&#8221; global_colors_info=&#8221;{}&#8221;][\/et_pb_image][\/et_pb_column][\/et_pb_row][\/et_pb_section][et_pb_section fb_built=&#8221;1&#8243; _builder_version=&#8221;4.23&#8243; _module_preset=&#8221;default&#8221; background_color=&#8221;rgba(255,255,255,0)&#8221; custom_margin=&#8221;-150px||||false|false&#8221; global_colors_info=&#8221;{}&#8221;][et_pb_row column_structure=&#8221;1_2,1_4,1_4&#8243; use_custom_gutter=&#8221;on&#8221; gutter_width=&#8221;2&#8243; make_equal=&#8221;on&#8221; _builder_version=&#8221;4.23&#8243; _module_preset=&#8221;default&#8221; max_width=&#8221;1200px&#8221; global_colors_info=&#8221;{}&#8221;][et_pb_column type=&#8221;1_2&#8243; _builder_version=&#8221;4.23&#8243; _module_preset=&#8221;default&#8221; global_colors_info=&#8221;{}&#8221;][et_pb_text _builder_version=&#8221;4.23.1&#8243; _module_preset=&#8221;default&#8221; header_2_font=&#8221;Oswald|700|||||||&#8221; header_2_text_color=&#8221;gcid-70e37b96-373b-4683-967a-f8d83e9ee1d1&#8243; header_2_font_size=&#8221;45px&#8221; header_2_line_height=&#8221;1.15em&#8221; global_colors_info=&#8221;{%22gcid-70e37b96-373b-4683-967a-f8d83e9ee1d1%22:%91%22header_2_text_color%22%93}&#8221;]<\/p>\n<h2>I nostri camper e campeggiatori<\/h2>\n<p>[\/et_pb_text][et_pb_text _builder_version=&#8221;4.23&#8243; _module_preset=&#8221;default&#8221; text_font=&#8221;Montserrat||||||||&#8221; text_font_size=&#8221;16px&#8221; text_line_height=&#8221;1.65em&#8221; global_colors_info=&#8221;{}&#8221;]<\/p>\n<p>Dotato di tutto il necessario per godersi il viaggio con il partner, la famiglia o gli amici. A seconda del modello scelto, \u00e8 possibile far viaggiare e dormire 2, 3 o 4 persone.<\/p>\n<p>[\/et_pb_text][\/et_pb_column][et_pb_column type=&#8221;1_4&#8243; _builder_version=&#8221;4.23&#8243; _module_preset=&#8221;default&#8221; custom_css_main_element=&#8221;margin:auto;&#8221; global_colors_info=&#8221;{}&#8221;][et_pb_text module_class=&#8221;custom_bullets_wpcc&#8221; _builder_version=&#8221;4.23.1&#8243; _module_preset=&#8221;default&#8221; text_font=&#8221;Montserrat||||||||&#8221; text_font_size=&#8221;16px&#8221; ul_line_height=&#8221;2.5em&#8221; custom_margin_tablet=&#8221;&#8221; custom_margin_phone=&#8221;||-50px||false|false&#8221; custom_margin_last_edited=&#8221;on|phone&#8221; global_colors_info=&#8221;{}&#8221;]<\/p>\n<ul>\n<li>Articoli da cucina completi<\/li>\n<li>Biancheria da letto<\/li>\n<li>Asciugamani<\/li>\n<li>Tavoli e sedie da esterno<\/li>\n<li>Bolier\/Acqua calda<\/li>\n<\/ul>\n<p>[\/et_pb_text][\/et_pb_column][et_pb_column type=&#8221;1_4&#8243; _builder_version=&#8221;4.23&#8243; _module_preset=&#8221;default&#8221; custom_css_main_element=&#8221;margin:auto;&#8221; global_colors_info=&#8221;{}&#8221;][et_pb_text module_class=&#8221;custom_bullets_wpcc&#8221; _builder_version=&#8221;4.23&#8243; _module_preset=&#8221;default&#8221; text_font=&#8221;Montserrat||||||||&#8221; text_font_size=&#8221;16px&#8221; ul_line_height=&#8221;2.5em&#8221; global_colors_info=&#8221;{}&#8221;]<\/p>\n<ul>\n<li>Riscaldamento<\/li>\n<li>Doccia interna ed esterna<\/li>\n<li>WC con cassetta estraibile.<\/li>\n<li>Radio-navigatore<\/li>\n<li>Telecamera di retromarcia.<\/li>\n<\/ul>\n<p>[\/et_pb_text][\/et_pb_column][\/et_pb_row][\/et_pb_section][et_pb_section fb_built=&#8221;1&#8243; _builder_version=&#8221;4.23.1&#8243; _module_preset=&#8221;default&#8221; background_image=&#8221;https:\/\/www.gocaravancanarias.com\/wp-content\/uploads\/2023\/11\/Fondo_04_V2-1.jpg&#8221; custom_margin=&#8221;-100px||||false|false&#8221; custom_padding=&#8221;200px||200px||true|false&#8221; global_colors_info=&#8221;{}&#8221;][et_pb_row column_structure=&#8221;1_4,3_4&#8243; _builder_version=&#8221;4.23.1&#8243; _module_preset=&#8221;default&#8221; background_enable_color=&#8221;off&#8221; module_alignment=&#8221;center&#8221; custom_margin=&#8221;||||false|false&#8221; global_colors_info=&#8221;{}&#8221;][et_pb_column type=&#8221;1_4&#8243; _builder_version=&#8221;4.23&#8243; _module_preset=&#8221;default&#8221; global_colors_info=&#8221;{}&#8221;][\/et_pb_column][et_pb_column type=&#8221;3_4&#8243; _builder_version=&#8221;4.23.1&#8243; _module_preset=&#8221;default&#8221; background_color=&#8221;#FFFFFF&#8221; custom_padding=&#8221;||||true|true&#8221; global_colors_info=&#8221;{}&#8221;][et_pb_slider _builder_version=&#8221;4.23.1&#8243; _module_preset=&#8221;default&#8221; global_colors_info=&#8221;{}&#8221;][et_pb_slide _builder_version=&#8221;4.23.1&#8243; _module_preset=&#8221;default&#8221; body_font=&#8221;Oswald|300|||||||&#8221; body_text_align=&#8221;left&#8221; body_text_color=&#8221;#333333&#8243; body_font_size=&#8221;20px&#8221; background_enable_color=&#8221;off&#8221; background_layout=&#8221;light&#8221; custom_padding=&#8221;20px||20px||true|false&#8221; global_colors_info=&#8221;{}&#8221; sticky_transition=&#8221;on&#8221;]<\/p>\n<blockquote style=\"border-color: #1bbdb8;\">\n<p>Prima esperienza e sicuramente ce ne saranno molte altre. Ci \u00e8 piaciuto molto il trattamento, tutto era molto vicino. \u00c8 sorto un problema imprevisto con la prenotazione e loro si sono fatti in quattro per trovare una soluzione. Comunicazione perfetta, caravan in perfette condizioni di funzionamento, equipaggiamento, pulizia, comfort. Raccomandabile al 100%, do 5 stelle perch\u00e9 non ce ne sono altre.<\/p>\n<\/blockquote>\n<p>[\/et_pb_slide][et_pb_slide _builder_version=&#8221;4.23.1&#8243; _module_preset=&#8221;default&#8221; body_font=&#8221;Oswald|300|||||||&#8221; body_text_align=&#8221;left&#8221; body_text_color=&#8221;#333333&#8243; body_font_size=&#8221;20px&#8221; background_enable_color=&#8221;off&#8221; background_layout=&#8221;light&#8221; custom_padding=&#8221;20px||20px||true|false&#8221; global_colors_info=&#8221;{}&#8221; sticky_transition=&#8221;on&#8221;]<\/p>\n<blockquote style=\"border-color: #1bbdb8;\">\n<p>Ottima esperienza, abbiamo trascorso un ottimo weekend con la roulotte a Tenerife. Gestione e attenzione da 10, ragazzo molto cordiale. Altamente raccomandato e sicuramente lo ripeteremo.<\/p>\n<\/blockquote>\n<p>[\/et_pb_slide][et_pb_slide _builder_version=&#8221;4.23.1&#8243; _module_preset=&#8221;default&#8221; body_font=&#8221;Oswald|300|||||||&#8221; body_text_align=&#8221;left&#8221; body_text_color=&#8221;#333333&#8243; body_font_size=&#8221;20px&#8221; background_enable_color=&#8221;off&#8221; background_layout=&#8221;light&#8221; custom_padding=&#8221;20px||20px||true|false&#8221; global_colors_info=&#8221;{}&#8221; sticky_transition=&#8221;on&#8221;]<\/p>\n<blockquote style=\"border-color: #1bbdb8;\">\n<p>Abbiamo scoperto l&#8217;isola di Tenerife per 10 giorni in compagnia di Ruperta. Perfettamente attrezzato, super confortevole, spazioso e molto nuovo.<br \/>Sette e Marta, molto attenti, trattamento impeccabile. Raccomandiamo al 100% Go Caravan per l&#8217;esperienza pi\u00f9 avventurosa e naturale che possiate mai fare.<br \/>Un hotel a 5 stelle con ospiti di lusso.<br \/>UN GRAZIE. Felipe y Ana.<\/p>\n<\/blockquote>\n<p>[\/et_pb_slide][et_pb_slide _builder_version=&#8221;4.23.1&#8243; _module_preset=&#8221;default&#8221; body_font=&#8221;Oswald|300|||||||&#8221; body_text_align=&#8221;left&#8221; body_text_color=&#8221;#333333&#8243; body_font_size=&#8221;20px&#8221; background_enable_color=&#8221;off&#8221; background_layout=&#8221;light&#8221; custom_padding=&#8221;20px||20px||true|false&#8221; global_colors_info=&#8221;{}&#8221; sticky_transition=&#8221;on&#8221;]<\/p>\n<blockquote style=\"border-color: #1bbdb8;\">\n<p>Servizio molto buono. Il proprietario \u00e8 molto cordiale e ci ha spiegato tutto molto bene prima del viaggio. Il camper era pulito e molto ben preparato. Abbiamo ricevuto consigli utili dal proprietario durante il nostro viaggio. Grazie mille e alla prossima volta.<\/p>\n<\/blockquote>\n<p>[\/et_pb_slide][et_pb_slide _builder_version=&#8221;4.23.1&#8243; _module_preset=&#8221;default&#8221; body_font=&#8221;Oswald|300|||||||&#8221; body_text_align=&#8221;left&#8221; body_text_color=&#8221;#333333&#8243; body_font_size=&#8221;20px&#8221; background_enable_color=&#8221;off&#8221; background_layout=&#8221;light&#8221; custom_padding=&#8221;20px||20px||true|false&#8221; global_colors_info=&#8221;{}&#8221; sticky_transition=&#8221;on&#8221;]<\/p>\n<blockquote style=\"border-color: #1bbdb8;\">\n<p>Abbiamo noleggiato il camper Giotti &#8220;rosita&#8221; per qualche giorno. Fue una experiencia de 10 tanto por el estado de la caravana como por el trato de Zeben y Marta, nos hicieron un peque\u00f1o itinerario por la isla ajust\u00e1ndose al tiempo del que dispon\u00edamos, adem\u00e1s a la vuelta nos acercaron al aeropuerto, cosa que agradecimos mucho. Per chiunque voglia conoscere e godersi l&#8217;isola lo consiglio al 100%.<\/p>\n<\/blockquote>\n<p>[\/et_pb_slide][\/et_pb_slider][\/et_pb_column][\/et_pb_row][\/et_pb_section]<\/p>\n","protected":false},"excerpt":{"rendered":"<p>Noleggio campera TenerifeNoleggio camper e roulotte a Tenerife01. Scegliete la data e gli accompagnatori desiderati02. Cerca il camper dei tuoi sogni03. e iniziate a godervi il vostro camper alle isole Canarie!Voglio noleggiare un camper a TenerifeSe siete interessati a noleggiare un camper o un camper a Tenerife per esplorare le Isole Canarie, siete nel posto [&hellip;]<\/p>\n","protected":false},"author":7,"featured_media":0,"parent":0,"menu_order":0,"comment_status":"closed","ping_status":"closed","template":"","meta":{"_et_pb_use_builder":"on","_et_pb_old_content":"","_et_gb_content_width":"","_joinchat":[],"footnotes":""},"class_list":["post-13906","page","type-page","status-publish","hentry"],"yoast_head":"<!-- This site is optimized with the Yoast SEO plugin v27.4 - https:\/\/yoast.com\/product\/yoast-seo-wordpress\/ -->\n<title>Alquilar autocaravanas y furgonetas camper en Tenerife<\/title>\n<meta name=\"description\" content=\"Alquiler de furgonetas camper en Tenerife y Las Palmas de Gran Canaria al mejor precio. Alquiler de autocaravanas en Tenerife con Gocaravancanarias.\" \/>\n<meta name=\"robots\" content=\"index, follow, max-snippet:-1, max-image-preview:large, max-video-preview:-1\" \/>\n<link rel=\"canonical\" href=\"https:\/\/www.gocaravancanarias.com\/it\/casa\/\" \/>\n<meta property=\"og:locale\" content=\"it_IT\" \/>\n<meta property=\"og:type\" content=\"article\" \/>\n<meta property=\"og:title\" content=\"Alquilar autocaravanas y furgonetas camper en Tenerife\" \/>\n<meta property=\"og:description\" content=\"Alquiler de furgonetas camper en Tenerife y Las Palmas de Gran Canaria al mejor precio. Alquiler de autocaravanas en Tenerife con Gocaravancanarias.\" \/>\n<meta property=\"og:url\" content=\"https:\/\/www.gocaravancanarias.com\/it\/casa\/\" \/>\n<meta property=\"og:site_name\" content=\"Go Caravan Canarias\" \/>\n<meta property=\"article:publisher\" content=\"https:\/\/www.facebook.com\/people\/Kineled\/100067500994492\/\" \/>\n<meta property=\"article:modified_time\" content=\"2024-07-08T11:24:49+00:00\" \/>\n<meta name=\"twitter:card\" content=\"summary_large_image\" \/>\n<meta name=\"twitter:site\" content=\"@Kineled\" \/>\n<script type=\"application\/ld+json\" class=\"yoast-schema-graph\">{\"@context\":\"https:\\\/\\\/schema.org\",\"@graph\":[{\"@type\":\"WebPage\",\"@id\":\"https:\\\/\\\/www.gocaravancanarias.com\\\/it\\\/casa\\\/\",\"url\":\"https:\\\/\\\/www.gocaravancanarias.com\\\/it\\\/casa\\\/\",\"name\":\"Alquilar autocaravanas y furgonetas camper en Tenerife\",\"isPartOf\":{\"@id\":\"https:\\\/\\\/www.gocaravancanarias.com\\\/#website\"},\"datePublished\":\"2023-10-25T06:41:39+00:00\",\"dateModified\":\"2024-07-08T11:24:49+00:00\",\"description\":\"Alquiler de furgonetas camper en Tenerife y Las Palmas de Gran Canaria al mejor precio. Alquiler de autocaravanas en Tenerife con Gocaravancanarias.\",\"breadcrumb\":{\"@id\":\"https:\\\/\\\/www.gocaravancanarias.com\\\/it\\\/casa\\\/#breadcrumb\"},\"inLanguage\":\"it-IT\",\"potentialAction\":[{\"@type\":\"ReadAction\",\"target\":[\"https:\\\/\\\/www.gocaravancanarias.com\\\/it\\\/casa\\\/\"]}]},{\"@type\":\"BreadcrumbList\",\"@id\":\"https:\\\/\\\/www.gocaravancanarias.com\\\/it\\\/casa\\\/#breadcrumb\",\"itemListElement\":[{\"@type\":\"ListItem\",\"position\":1,\"name\":\"Portada\",\"item\":\"https:\\\/\\\/www.gocaravancanarias.com\\\/it\\\/casa\\\/\"},{\"@type\":\"ListItem\",\"position\":2,\"name\":\"Casa\"}]},{\"@type\":\"WebSite\",\"@id\":\"https:\\\/\\\/www.gocaravancanarias.com\\\/#website\",\"url\":\"https:\\\/\\\/www.gocaravancanarias.com\\\/\",\"name\":\"Go Caravan Canarias\",\"description\":\"Alquiler de Autocaravanas y Campers\",\"publisher\":{\"@id\":\"https:\\\/\\\/www.gocaravancanarias.com\\\/#organization\"},\"potentialAction\":[{\"@type\":\"SearchAction\",\"target\":{\"@type\":\"EntryPoint\",\"urlTemplate\":\"https:\\\/\\\/www.gocaravancanarias.com\\\/?s={search_term_string}\"},\"query-input\":{\"@type\":\"PropertyValueSpecification\",\"valueRequired\":true,\"valueName\":\"search_term_string\"}}],\"inLanguage\":\"it-IT\"},{\"@type\":\"Organization\",\"@id\":\"https:\\\/\\\/www.gocaravancanarias.com\\\/#organization\",\"name\":\"Kineled Pantallas publicitarias\",\"url\":\"https:\\\/\\\/www.gocaravancanarias.com\\\/\",\"logo\":{\"@type\":\"ImageObject\",\"inLanguage\":\"it-IT\",\"@id\":\"https:\\\/\\\/www.gocaravancanarias.com\\\/#\\\/schema\\\/logo\\\/image\\\/\",\"url\":\"http:\\\/\\\/www.gocaravancanarias.com\\\/wp-content\\\/uploads\\\/2023\\\/02\\\/logo.png\",\"contentUrl\":\"http:\\\/\\\/www.gocaravancanarias.com\\\/wp-content\\\/uploads\\\/2023\\\/02\\\/logo.png\",\"width\":200,\"height\":80,\"caption\":\"Kineled Pantallas publicitarias\"},\"image\":{\"@id\":\"https:\\\/\\\/www.gocaravancanarias.com\\\/#\\\/schema\\\/logo\\\/image\\\/\"},\"sameAs\":[\"https:\\\/\\\/www.facebook.com\\\/people\\\/Kineled\\\/100067500994492\\\/\",\"https:\\\/\\\/x.com\\\/Kineled\",\"https:\\\/\\\/es.linkedin.com\\\/in\\\/kineled-displays-809b4267\"]}]}<\/script>\n<!-- \/ Yoast SEO plugin. -->","yoast_head_json":{"title":"Alquilar autocaravanas y furgonetas camper en Tenerife","description":"Alquiler de furgonetas camper en Tenerife y Las Palmas de Gran Canaria al mejor precio. Alquiler de autocaravanas en Tenerife con Gocaravancanarias.","robots":{"index":"index","follow":"follow","max-snippet":"max-snippet:-1","max-image-preview":"max-image-preview:large","max-video-preview":"max-video-preview:-1"},"canonical":"https:\/\/www.gocaravancanarias.com\/it\/casa\/","og_locale":"it_IT","og_type":"article","og_title":"Alquilar autocaravanas y furgonetas camper en Tenerife","og_description":"Alquiler de furgonetas camper en Tenerife y Las Palmas de Gran Canaria al mejor precio. Alquiler de autocaravanas en Tenerife con Gocaravancanarias.","og_url":"https:\/\/www.gocaravancanarias.com\/it\/casa\/","og_site_name":"Go Caravan Canarias","article_publisher":"https:\/\/www.facebook.com\/people\/Kineled\/100067500994492\/","article_modified_time":"2024-07-08T11:24:49+00:00","twitter_card":"summary_large_image","twitter_site":"@Kineled","schema":{"@context":"https:\/\/schema.org","@graph":[{"@type":"WebPage","@id":"https:\/\/www.gocaravancanarias.com\/it\/casa\/","url":"https:\/\/www.gocaravancanarias.com\/it\/casa\/","name":"Alquilar autocaravanas y furgonetas camper en Tenerife","isPartOf":{"@id":"https:\/\/www.gocaravancanarias.com\/#website"},"datePublished":"2023-10-25T06:41:39+00:00","dateModified":"2024-07-08T11:24:49+00:00","description":"Alquiler de furgonetas camper en Tenerife y Las Palmas de Gran Canaria al mejor precio. Alquiler de autocaravanas en Tenerife con Gocaravancanarias.","breadcrumb":{"@id":"https:\/\/www.gocaravancanarias.com\/it\/casa\/#breadcrumb"},"inLanguage":"it-IT","potentialAction":[{"@type":"ReadAction","target":["https:\/\/www.gocaravancanarias.com\/it\/casa\/"]}]},{"@type":"BreadcrumbList","@id":"https:\/\/www.gocaravancanarias.com\/it\/casa\/#breadcrumb","itemListElement":[{"@type":"ListItem","position":1,"name":"Portada","item":"https:\/\/www.gocaravancanarias.com\/it\/casa\/"},{"@type":"ListItem","position":2,"name":"Casa"}]},{"@type":"WebSite","@id":"https:\/\/www.gocaravancanarias.com\/#website","url":"https:\/\/www.gocaravancanarias.com\/","name":"Go Caravan Canarias","description":"Alquiler de Autocaravanas y Campers","publisher":{"@id":"https:\/\/www.gocaravancanarias.com\/#organization"},"potentialAction":[{"@type":"SearchAction","target":{"@type":"EntryPoint","urlTemplate":"https:\/\/www.gocaravancanarias.com\/?s={search_term_string}"},"query-input":{"@type":"PropertyValueSpecification","valueRequired":true,"valueName":"search_term_string"}}],"inLanguage":"it-IT"},{"@type":"Organization","@id":"https:\/\/www.gocaravancanarias.com\/#organization","name":"Kineled Pantallas publicitarias","url":"https:\/\/www.gocaravancanarias.com\/","logo":{"@type":"ImageObject","inLanguage":"it-IT","@id":"https:\/\/www.gocaravancanarias.com\/#\/schema\/logo\/image\/","url":"http:\/\/www.gocaravancanarias.com\/wp-content\/uploads\/2023\/02\/logo.png","contentUrl":"http:\/\/www.gocaravancanarias.com\/wp-content\/uploads\/2023\/02\/logo.png","width":200,"height":80,"caption":"Kineled Pantallas publicitarias"},"image":{"@id":"https:\/\/www.gocaravancanarias.com\/#\/schema\/logo\/image\/"},"sameAs":["https:\/\/www.facebook.com\/people\/Kineled\/100067500994492\/","https:\/\/x.com\/Kineled","https:\/\/es.linkedin.com\/in\/kineled-displays-809b4267"]}]}},"_links":{"self":[{"href":"https:\/\/www.gocaravancanarias.com\/it\/wp-json\/wp\/v2\/pages\/13906","targetHints":{"allow":["GET"]}}],"collection":[{"href":"https:\/\/www.gocaravancanarias.com\/it\/wp-json\/wp\/v2\/pages"}],"about":[{"href":"https:\/\/www.gocaravancanarias.com\/it\/wp-json\/wp\/v2\/types\/page"}],"author":[{"embeddable":true,"href":"https:\/\/www.gocaravancanarias.com\/it\/wp-json\/wp\/v2\/users\/7"}],"replies":[{"embeddable":true,"href":"https:\/\/www.gocaravancanarias.com\/it\/wp-json\/wp\/v2\/comments?post=13906"}],"version-history":[{"count":0,"href":"https:\/\/www.gocaravancanarias.com\/it\/wp-json\/wp\/v2\/pages\/13906\/revisions"}],"wp:attachment":[{"href":"https:\/\/www.gocaravancanarias.com\/it\/wp-json\/wp\/v2\/media?parent=13906"}],"curies":[{"name":"wp","href":"https:\/\/api.w.org\/{rel}","templated":true}]}}